{"id":25544814,"date":"2022-07-22T11:08:06","date_gmt":"2022-07-22T10:08:06","guid":{"rendered":"https:\/\/www.terrasdecor.be\/temoignages\/"},"modified":"2024-01-25T10:57:04","modified_gmt":"2024-01-25T09:57:04","slug":"temoignages","status":"publish","type":"page","link":"https:\/\/www.terrasdecor.be\/fr\/temoignages\/","title":{"rendered":"T\u00e9moignages"},"content":{"rendered":"<p>[et_pb_section fb_built=\u00a0\u00bb1&Prime; custom_padding_last_edited=\u00a0\u00bbon|phone\u00a0\u00bb _builder_version=\u00a0\u00bb4.17.4&Prime; _module_preset=\u00a0\u00bbdefault\u00a0\u00bb background_color=\u00a0\u00bb#f0f0f0&Prime; custom_padding=\u00a0\u00bb0px||140px||false|false\u00a0\u00bb custom_padding_tablet=\u00a0\u00bb0px||65px||false|false\u00a0\u00bb custom_padding_phone=\u00a0\u00bb0px||10px||false|false\u00a0\u00bb global_colors_info=\u00a0\u00bb{}\u00a0\u00bb][et_pb_row make_equal=\u00a0\u00bbon\u00a0\u00bb custom_padding_last_edited=\u00a0\u00bbon|phone\u00a0\u00bb _builder_version=\u00a0\u00bb4.17.4&Prime; _module_preset=\u00a0\u00bbdefault\u00a0\u00bb width=\u00a0\u00bb70%\u00a0\u00bb width_tablet=\u00a0\u00bb70%\u00a0\u00bb width_phone=\u00a0\u00bb80%\u00a0\u00bb width_last_edited=\u00a0\u00bbon|phone\u00a0\u00bb max_width=\u00a0\u00bb2560px\u00a0\u00bb custom_padding=\u00a0\u00bb100px||0px||false|false\u00a0\u00bb custom_padding_tablet=\u00a0\u00bb||0px||false|false\u00a0\u00bb custom_padding_phone=\u00a0\u00bb50px||||false|false\u00a0\u00bb global_colors_info=\u00a0\u00bb{}\u00a0\u00bb][et_pb_column type=\u00a0\u00bb4_4&Prime; _builder_version=\u00a0\u00bb4.17.4&Prime; _module_preset=\u00a0\u00bbdefault\u00a0\u00bb global_colors_info=\u00a0\u00bb{}\u00a0\u00bb][et_pb_text _builder_version=\u00a0\u00bb4.23.4&Prime; _module_preset=\u00a0\u00bbdefault\u00a0\u00bb header_font=\u00a0\u00bb|800|||||||\u00a0\u00bb header_text_align=\u00a0\u00bbcenter\u00a0\u00bb header_letter_spacing=\u00a0\u00bb1.75px\u00a0\u00bb header_line_height=\u00a0\u00bb35px\u00a0\u00bb header_2_font=\u00a0\u00bb||||||||\u00a0\u00bb header_2_text_color=\u00a0\u00bb#276958&Prime; header_2_font_size=\u00a0\u00bb35px\u00a0\u00bb header_2_letter_spacing=\u00a0\u00bb1.5px\u00a0\u00bb header_2_line_height=\u00a0\u00bb0.3em\u00a0\u00bb text_orientation=\u00a0\u00bbcenter\u00a0\u00bb custom_margin=\u00a0\u00bb||9px|||\u00a0\u00bb hover_enabled=\u00a0\u00bb0&Prime; header_font_size_tablet=\u00a0\u00bb\u00a0\u00bb header_font_size_phone=\u00a0\u00bb30px\u00a0\u00bb header_font_size_last_edited=\u00a0\u00bbon|phone\u00a0\u00bb header_line_height_tablet=\u00a0\u00bb65px\u00a0\u00bb header_line_height_phone=\u00a0\u00bb30px\u00a0\u00bb header_line_height_last_edited=\u00a0\u00bbon|phone\u00a0\u00bb header_2_font_size_tablet=\u00a0\u00bb35px\u00a0\u00bb header_2_font_size_phone=\u00a0\u00bb25px\u00a0\u00bb header_2_font_size_last_edited=\u00a0\u00bbon|phone\u00a0\u00bb header_2_line_height_tablet=\u00a0\u00bb0.3em\u00a0\u00bb header_2_line_height_phone=\u00a0\u00bb1.3em\u00a0\u00bb header_2_line_height_last_edited=\u00a0\u00bbon|phone\u00a0\u00bb global_colors_info=\u00a0\u00bb{}\u00a0\u00bb sticky_enabled=\u00a0\u00bb0&Prime;]<\/p>\n<h1>TEMOIGNAGES<\/h1>\n<p>[\/et_pb_text][et_pb_text _builder_version=\u00a0\u00bb4.17.4&Prime; _module_preset=\u00a0\u00bbdefault\u00a0\u00bb text_letter_spacing=\u00a0\u00bb0.36px\u00a0\u00bb text_line_height=\u00a0\u00bb22px\u00a0\u00bb header_4_text_align=\u00a0\u00bbcenter\u00a0\u00bb header_4_text_color=\u00a0\u00bb#276958&Prime; header_4_font_size=\u00a0\u00bb24px\u00a0\u00bb header_4_letter_spacing=\u00a0\u00bb0.48px\u00a0\u00bb header_4_line_height=\u00a0\u00bb1.2em\u00a0\u00bb custom_margin=\u00a0\u00bb||0px||false|false\u00a0\u00bb custom_padding=\u00a0\u00bb10px||15px||false|false\u00a0\u00bb global_colors_info=\u00a0\u00bb{}\u00a0\u00bb]<\/p>\n<h4><strong>Les clients satisfaits ont leur mot \u00e0 dire !<\/strong><\/h4>\n<p>[\/et_pb_text][\/et_pb_column][\/et_pb_row][et_pb_row custom_padding_last_edited=\u00a0\u00bbon|phone\u00a0\u00bb _builder_version=\u00a0\u00bb4.17.4&Prime; _module_preset=\u00a0\u00bbdefault\u00a0\u00bb width=\u00a0\u00bb70%\u00a0\u00bb width_tablet=\u00a0\u00bb70%\u00a0\u00bb width_phone=\u00a0\u00bb80%\u00a0\u00bb width_last_edited=\u00a0\u00bbon|phone\u00a0\u00bb max_width=\u00a0\u00bb2560px\u00a0\u00bb overflow-x=\u00a0\u00bbvisible\u00a0\u00bb overflow-y=\u00a0\u00bbvisible\u00a0\u00bb custom_padding=\u00a0\u00bb89px||||false|false\u00a0\u00bb custom_padding_tablet=\u00a0\u00bb90px||||false|false\u00a0\u00bb custom_padding_phone=\u00a0\u00bb40px||||false|false\u00a0\u00bb global_colors_info=\u00a0\u00bb{}\u00a0\u00bb][et_pb_column type=\u00a0\u00bb4_4&Prime; _builder_version=\u00a0\u00bb4.17.4&Prime; _module_preset=\u00a0\u00bbdefault\u00a0\u00bb global_colors_info=\u00a0\u00bb{}\u00a0\u00bb][et_pb_video src=\u00a0\u00bbhttps:\/\/www.terrasdecor.be\/wp-content\/uploads\/2023\/05\/Y2Mate.is-realisatie-geluwe-1-3boYETCFci4-1080p-1655229304018.mp4&Prime; module_class=\u00a0\u00bblwp-video-autoplay\u00a0\u00bb _builder_version=\u00a0\u00bb4.17.4&Prime; _module_preset=\u00a0\u00bbdefault\u00a0\u00bb global_colors_info=\u00a0\u00bb{}\u00a0\u00bb][\/et_pb_video][\/et_pb_column][\/et_pb_row][et_pb_row custom_padding_last_edited=\u00a0\u00bbon|phone\u00a0\u00bb _builder_version=\u00a0\u00bb4.17.4&Prime; _module_preset=\u00a0\u00bbdefault\u00a0\u00bb width=\u00a0\u00bb70%\u00a0\u00bb width_tablet=\u00a0\u00bb70%\u00a0\u00bb width_phone=\u00a0\u00bb80%\u00a0\u00bb width_last_edited=\u00a0\u00bbon|phone\u00a0\u00bb max_width=\u00a0\u00bb2560px\u00a0\u00bb overflow-x=\u00a0\u00bbvisible\u00a0\u00bb overflow-y=\u00a0\u00bbvisible\u00a0\u00bb custom_padding=\u00a0\u00bb90px||0px||false|false\u00a0\u00bb custom_padding_tablet=\u00a0\u00bb90px||||false|false\u00a0\u00bb custom_padding_phone=\u00a0\u00bb40px||||false|false\u00a0\u00bb global_colors_info=\u00a0\u00bb{}\u00a0\u00bb][et_pb_column type=\u00a0\u00bb4_4&Prime; _builder_version=\u00a0\u00bb4.17.4&Prime; _module_preset=\u00a0\u00bbdefault\u00a0\u00bb global_colors_info=\u00a0\u00bb{}\u00a0\u00bb][dipl_image_card_carousel space_between_slides=\u00a0\u00bb75px\u00a0\u00bb cards_per_slide_tablet=\u00a0\u00bb2&Prime; cards_per_slide_phone=\u00a0\u00bb1&Prime; _builder_version=\u00a0\u00bb4.17.4&Prime; _module_preset=\u00a0\u00bbdefault\u00a0\u00bb overflow-x=\u00a0\u00bbvisible\u00a0\u00bb overflow-y=\u00a0\u00bbvisible\u00a0\u00bb global_colors_info=\u00a0\u00bb{}\u00a0\u00bb][dipl_image_card_carousel_item title=\u00a0\u00bbUn service irr\u00e9prochable !\u00a0\u00bb icon_alignment=\u00a0\u00bbcenter\u00a0\u00bb icon_color=\u00a0\u00bb#276958&Prime; content_custom_padding=\u00a0\u00bb30px|30px|30px|30px|true|true\u00a0\u00bb content_bg_color=\u00a0\u00bb#FFFFFF\u00a0\u00bb _builder_version=\u00a0\u00bb4.17.4&Prime; _module_preset=\u00a0\u00bbdefault\u00a0\u00bb title_font=\u00a0\u00bb|800||on|||||\u00a0\u00bb title_font_size=\u00a0\u00bb30px\u00a0\u00bb title_letter_spacing=\u00a0\u00bb1px\u00a0\u00bb text_orientation=\u00a0\u00bbcenter\u00a0\u00bb overflow-x=\u00a0\u00bbvisible\u00a0\u00bb overflow-y=\u00a0\u00bbvisible\u00a0\u00bb custom_margin=\u00a0\u00bb||||false|false\u00a0\u00bb custom_padding=\u00a0\u00bb||||true|true\u00a0\u00bb global_colors_info=\u00a0\u00bb{}\u00a0\u00bb]<\/p>\n<p><em><\/em><\/p>\n<p><em>\u00ab\u00a0Je viens de r\u00e9aliser un projet avec Terrasdecor et j&rsquo;en suis tr\u00e8s satisfait. Probl\u00e8me avec le verre du fabricant, et dans les 3 jours il a \u00e9t\u00e9 r\u00e9solu par Terrasdecor. C&rsquo;est ce que j&rsquo;appelle un excellent service !\u00a0\u00bb<\/em><\/p>\n<p><em><\/em><\/p>\n<p><strong>Alain D.<\/strong><\/p>\n<p>[\/dipl_image_card_carousel_item][dipl_image_card_carousel_item title=\u00a0\u00bbTr\u00e8s satisfait !\u00a0\u00bb icon_alignment=\u00a0\u00bbcenter\u00a0\u00bb icon_color=\u00a0\u00bb#276958&Prime; content_custom_padding=\u00a0\u00bb30px|30px|30px|30px|true|true\u00a0\u00bb content_bg_color=\u00a0\u00bb#FFFFFF\u00a0\u00bb _builder_version=\u00a0\u00bb4.17.4&Prime; _module_preset=\u00a0\u00bbdefault\u00a0\u00bb title_font=\u00a0\u00bb|800||on|||||\u00a0\u00bb title_font_size=\u00a0\u00bb30px\u00a0\u00bb title_letter_spacing=\u00a0\u00bb1px\u00a0\u00bb text_orientation=\u00a0\u00bbcenter\u00a0\u00bb overflow-x=\u00a0\u00bbvisible\u00a0\u00bb overflow-y=\u00a0\u00bbvisible\u00a0\u00bb custom_margin=\u00a0\u00bb||||false|false\u00a0\u00bb custom_padding=\u00a0\u00bb||||true|true\u00a0\u00bb global_colors_info=\u00a0\u00bb{}\u00a0\u00bb]<\/p>\n<p><em><\/em><\/p>\n<p><em>\u00a0\u00bb <\/em>Je suis tr\u00e8s satisfait. Mesure correcte, suivi et installation professionnelle. Excellente ex\u00e9cution, merci<em>\u00ab\u00a0.<\/em><\/p>\n<p><em><\/em><\/p>\n<p><strong>Jurgen DS.<\/strong><\/p>\n<p>[\/dipl_image_card_carousel_item][dipl_image_card_carousel_item title=\u00a0\u00bbDes \u00e9loges appuy\u00e9s !\u00a0\u00bb icon_alignment=\u00a0\u00bbcenter\u00a0\u00bb icon_color=\u00a0\u00bb#276958&Prime; content_custom_padding=\u00a0\u00bb30px|30px|30px|30px|true|true\u00a0\u00bb content_bg_color=\u00a0\u00bb#FFFFFF\u00a0\u00bb _builder_version=\u00a0\u00bb4.17.4&Prime; _module_preset=\u00a0\u00bbdefault\u00a0\u00bb title_font=\u00a0\u00bb|800||on|||||\u00a0\u00bb title_font_size=\u00a0\u00bb30px\u00a0\u00bb title_letter_spacing=\u00a0\u00bb1px\u00a0\u00bb text_orientation=\u00a0\u00bbcenter\u00a0\u00bb overflow-x=\u00a0\u00bbvisible\u00a0\u00bb overflow-y=\u00a0\u00bbvisible\u00a0\u00bb custom_margin=\u00a0\u00bb||||false|false\u00a0\u00bb custom_padding=\u00a0\u00bb||||true|true\u00a0\u00bb global_colors_info=\u00a0\u00bb{}\u00a0\u00bb]<\/p>\n<p><em><\/em><\/p>\n<p><em>\u00ab\u00a0Bravo pour le professionnalisme de Terrasdecor et l&rsquo;accueil chaleureux du vendeur Rik. Des normes et des valeurs correctes et un super service ! Je fais d\u00e9j\u00e0 de la publicit\u00e9 !\u00a0\u00bb<\/em><\/p>\n<p><em><\/em><\/p>\n<p><strong>Isabel D.<\/strong><\/p>\n<p>[\/dipl_image_card_carousel_item][dipl_image_card_carousel_item title=\u00a0\u00bbCLAIR ET CORRECT\u00a0\u00bb icon_alignment=\u00a0\u00bbcenter\u00a0\u00bb icon_color=\u00a0\u00bb#276958&Prime; content_custom_padding=\u00a0\u00bb30px|30px|30px|30px|true|true\u00a0\u00bb content_bg_color=\u00a0\u00bb#FFFFFF\u00a0\u00bb _builder_version=\u00a0\u00bb4.17.4&Prime; _module_preset=\u00a0\u00bbdefault\u00a0\u00bb title_font=\u00a0\u00bb|800||on|||||\u00a0\u00bb title_font_size=\u00a0\u00bb30px\u00a0\u00bb title_letter_spacing=\u00a0\u00bb1px\u00a0\u00bb text_orientation=\u00a0\u00bbcenter\u00a0\u00bb overflow-x=\u00a0\u00bbvisible\u00a0\u00bb overflow-y=\u00a0\u00bbvisible\u00a0\u00bb custom_margin=\u00a0\u00bb||||false|false\u00a0\u00bb custom_padding=\u00a0\u00bb||||true|true\u00a0\u00bb global_colors_info=\u00a0\u00bb{}\u00a0\u00bb]<\/p>\n<p><em><\/em><\/p>\n<p><em>\u00ab\u00a0Tr\u00e8s bonne entreprise, accords clairs et corrects, finition parfaite. Qualit\u00e9 promise et assur\u00e9e.\u00a0\u00bb<\/em><\/p>\n<p><em><\/em><\/p>\n<p><strong>Christina R.<\/strong><\/p>\n<p>[\/dipl_image_card_carousel_item][dipl_image_card_carousel_item title=\u00a0\u00bbFINITION FINE\u00a0\u00bb icon_alignment=\u00a0\u00bbcenter\u00a0\u00bb icon_color=\u00a0\u00bb#276958&Prime; content_custom_padding=\u00a0\u00bb30px|30px|30px|30px|true|true\u00a0\u00bb content_bg_color=\u00a0\u00bb#FFFFFF\u00a0\u00bb _builder_version=\u00a0\u00bb4.17.4&Prime; _module_preset=\u00a0\u00bbdefault\u00a0\u00bb title_font=\u00a0\u00bb|800||on|||||\u00a0\u00bb title_font_size=\u00a0\u00bb30px\u00a0\u00bb title_letter_spacing=\u00a0\u00bb1px\u00a0\u00bb text_orientation=\u00a0\u00bbcenter\u00a0\u00bb overflow-x=\u00a0\u00bbvisible\u00a0\u00bb overflow-y=\u00a0\u00bbvisible\u00a0\u00bb custom_margin=\u00a0\u00bb||||false|false\u00a0\u00bb custom_padding=\u00a0\u00bb||||true|true\u00a0\u00bb global_colors_info=\u00a0\u00bb{}\u00a0\u00bb]<\/p>\n<p><em><\/em><\/p>\n<p><em>\u00ab\u00a0L&rsquo;extension de la maison \u00e0 Middelkerke est termin\u00e9e, du moins votre partie. Nous tenons \u00e0 remercier votre service d&rsquo;installation Davy et Jens pour une finition de premi\u00e8re classe de l&rsquo;extension, des professionnels au point. Nous ne pouvons qu&rsquo;applaudir. Un grand bravo \u00e9galement \u00e0 Stefaan qui a cr\u00e9\u00e9 des plans \u00e0 l&rsquo;appui.\u00a0\u00bb<\/em><\/p>\n<p><em><\/em><\/p>\n<p><strong>Mortier, Middelkerke<\/strong><\/p>\n<p>[\/dipl_image_card_carousel_item][dipl_image_card_carousel_item title=\u00a0\u00bbTr\u00e8s satisfait\u00a0\u00bb icon_alignment=\u00a0\u00bbcenter\u00a0\u00bb icon_color=\u00a0\u00bb#276958&Prime; content_custom_padding=\u00a0\u00bb30px|30px|30px|30px|true|true\u00a0\u00bb content_bg_color=\u00a0\u00bb#FFFFFF\u00a0\u00bb _builder_version=\u00a0\u00bb4.17.4&Prime; _module_preset=\u00a0\u00bbdefault\u00a0\u00bb title_font=\u00a0\u00bb|800||on|||||\u00a0\u00bb title_font_size=\u00a0\u00bb30px\u00a0\u00bb title_letter_spacing=\u00a0\u00bb1px\u00a0\u00bb text_orientation=\u00a0\u00bbcenter\u00a0\u00bb overflow-x=\u00a0\u00bbvisible\u00a0\u00bb overflow-y=\u00a0\u00bbvisible\u00a0\u00bb custom_margin=\u00a0\u00bb||||false|false\u00a0\u00bb custom_padding=\u00a0\u00bb||||true|true\u00a0\u00bb global_colors_info=\u00a0\u00bb{}\u00a0\u00bb]<\/p>\n<p><em><\/em><\/p>\n<p><em>\u00ab\u00a0Un<span>excellent service \u00e0 la client\u00e8le, une tr\u00e8s belle finition, tr\u00e8s satisfait du r\u00e9sultat final<\/span>.<\/em><\/p>\n<p><em><\/em><\/p>\n<p><strong>Rebecca D. G.<\/strong><\/p>\n<p>[\/dipl_image_card_carousel_item][dipl_image_card_carousel_item title=\u00a0\u00bbAmical et serviable\u00a0\u00bb icon_alignment=\u00a0\u00bbcenter\u00a0\u00bb icon_color=\u00a0\u00bb#276958&Prime; content_custom_padding=\u00a0\u00bb30px|30px|30px|30px|true|true\u00a0\u00bb content_bg_color=\u00a0\u00bb#FFFFFF\u00a0\u00bb _builder_version=\u00a0\u00bb4.17.4&Prime; _module_preset=\u00a0\u00bbdefault\u00a0\u00bb title_font=\u00a0\u00bb|800||on|||||\u00a0\u00bb title_font_size=\u00a0\u00bb30px\u00a0\u00bb title_letter_spacing=\u00a0\u00bb1px\u00a0\u00bb text_orientation=\u00a0\u00bbcenter\u00a0\u00bb overflow-x=\u00a0\u00bbvisible\u00a0\u00bb overflow-y=\u00a0\u00bbvisible\u00a0\u00bb custom_margin=\u00a0\u00bb||||false|false\u00a0\u00bb custom_padding=\u00a0\u00bb||||true|true\u00a0\u00bb global_colors_info=\u00a0\u00bb{}\u00a0\u00bb]<\/p>\n<p><em><\/em><\/p>\n<p><em>\u00ab\u00a0<span>Rencontr\u00e9 hier dans le showroom avec le distributeur de nos futures fen\u00eatres et du bardage Alinel. Tr\u00e8s aimable et serviable. Tout passer en revue \u00e0 t\u00eate repos\u00e9e. Ils prennent vraiment le temps de s&rsquo;occuper de vous. Tr\u00e8s bonne explication des mat\u00e9riaux, de la peinture laqu\u00e9e, de l&rsquo;isolation,&#8230;<\/span><br \/><span>Tr\u00e8s satisfait !<\/span>\u00ab\u00a0<\/em><\/p>\n<p><em><\/em><\/p>\n<p><strong>Jeroen V.<\/strong><\/p>\n<p>[\/dipl_image_card_carousel_item][dipl_image_card_carousel_item title=\u00a0\u00bbSuivi et service rapides\u00a0\u00bb icon_alignment=\u00a0\u00bbcenter\u00a0\u00bb icon_color=\u00a0\u00bb#276958&Prime; content_custom_padding=\u00a0\u00bb30px|30px|30px|30px|true|true\u00a0\u00bb content_bg_color=\u00a0\u00bb#FFFFFF\u00a0\u00bb _builder_version=\u00a0\u00bb4.17.4&Prime; _module_preset=\u00a0\u00bbdefault\u00a0\u00bb title_font=\u00a0\u00bb|800||on|||||\u00a0\u00bb title_font_size=\u00a0\u00bb30px\u00a0\u00bb title_letter_spacing=\u00a0\u00bb1px\u00a0\u00bb text_orientation=\u00a0\u00bbcenter\u00a0\u00bb overflow-x=\u00a0\u00bbvisible\u00a0\u00bb overflow-y=\u00a0\u00bbvisible\u00a0\u00bb custom_margin=\u00a0\u00bb||||false|false\u00a0\u00bb custom_padding=\u00a0\u00bb||||true|true\u00a0\u00bb global_colors_info=\u00a0\u00bb{}\u00a0\u00bb]<\/p>\n<p><em><\/em><\/p>\n<p>\u00ab\u00a0Merci beaucoup pour la rapidit\u00e9 du suivi et du service.<\/p>\n<p>Puis-je encore mentionner que la comp\u00e9tence et l&rsquo;expertise du technicien qui nous a rendu visite est remarquable et efficace, un grand compliment n&rsquo;est pas d\u00e9plac\u00e9 ici !<\/p>\n<p>Si c&rsquo;est bon, c&rsquo;est aussi autoris\u00e9 \u00e0 \u00eatre dit, n&rsquo;est-ce pas ?\u00a0\u00bb.<\/p>\n<p>&nbsp;<\/p>\n<p><em><\/em><\/p>\n<p><strong>Helga &amp; Jimmy<\/strong><\/p>\n<p>[\/dipl_image_card_carousel_item][dipl_image_card_carousel_item title=\u00a0\u00bbNominations correctes\u00a0\u00bb icon_alignment=\u00a0\u00bbcenter\u00a0\u00bb icon_color=\u00a0\u00bb#276958&Prime; content_custom_padding=\u00a0\u00bb30px|30px|30px|30px|true|true\u00a0\u00bb content_bg_color=\u00a0\u00bb#FFFFFF\u00a0\u00bb _builder_version=\u00a0\u00bb4.17.4&Prime; _module_preset=\u00a0\u00bbdefault\u00a0\u00bb title_font=\u00a0\u00bb|800||on|||||\u00a0\u00bb title_font_size=\u00a0\u00bb30px\u00a0\u00bb title_letter_spacing=\u00a0\u00bb1px\u00a0\u00bb text_orientation=\u00a0\u00bbcenter\u00a0\u00bb overflow-x=\u00a0\u00bbvisible\u00a0\u00bb overflow-y=\u00a0\u00bbvisible\u00a0\u00bb custom_margin=\u00a0\u00bb||||false|false\u00a0\u00bb custom_padding=\u00a0\u00bb||||true|true\u00a0\u00bb global_colors_info=\u00a0\u00bb{}\u00a0\u00bb]<\/p>\n<p><em><\/em><\/p>\n<p>\u00ab\u00a0Rendez-vous corrects. Bon travail. Tr\u00e8s satisfait\u00a0\u00bb<\/p>\n<p>&nbsp;<\/p>\n<p><em><\/em><\/p>\n<p><strong>Claude &amp; Marijke<\/strong><\/p>\n<p>[\/dipl_image_card_carousel_item][dipl_image_card_carousel_item title=\u00a0\u00bbQualit\u00e9 exceptionnelle\u00a0\u00bb icon_alignment=\u00a0\u00bbcenter\u00a0\u00bb icon_color=\u00a0\u00bb#276958&Prime; content_custom_padding=\u00a0\u00bb30px|30px|30px|30px|true|true\u00a0\u00bb content_bg_color=\u00a0\u00bb#FFFFFF\u00a0\u00bb _builder_version=\u00a0\u00bb4.17.4&Prime; _module_preset=\u00a0\u00bbdefault\u00a0\u00bb title_font=\u00a0\u00bb|800||on|||||\u00a0\u00bb title_font_size=\u00a0\u00bb30px\u00a0\u00bb title_letter_spacing=\u00a0\u00bb1px\u00a0\u00bb text_orientation=\u00a0\u00bbcenter\u00a0\u00bb overflow-x=\u00a0\u00bbvisible\u00a0\u00bb overflow-y=\u00a0\u00bbvisible\u00a0\u00bb custom_margin=\u00a0\u00bb||||false|false\u00a0\u00bb custom_padding=\u00a0\u00bb||||true|true\u00a0\u00bb global_colors_info=\u00a0\u00bb{}\u00a0\u00bb]<\/p>\n<p><em><\/em><\/p>\n<p>\u00ab\u00a0Excellente qualit\u00e9, bon service.<\/p>\n<p>&nbsp;<\/p>\n<p><em><\/em><\/p>\n<p><strong>Valcke-Houtteman<\/strong><\/p>\n<p>[\/dipl_image_card_carousel_item][dipl_image_card_carousel_item title=\u00a0\u00bbParfait !\u00a0\u00bb icon_alignment=\u00a0\u00bbcenter\u00a0\u00bb icon_color=\u00a0\u00bb#276958&Prime; content_custom_padding=\u00a0\u00bb30px|30px|30px|30px|true|true\u00a0\u00bb content_bg_color=\u00a0\u00bb#FFFFFF\u00a0\u00bb _builder_version=\u00a0\u00bb4.17.4&Prime; _module_preset=\u00a0\u00bbdefault\u00a0\u00bb title_font=\u00a0\u00bb|800||on|||||\u00a0\u00bb title_font_size=\u00a0\u00bb30px\u00a0\u00bb title_letter_spacing=\u00a0\u00bb1px\u00a0\u00bb text_orientation=\u00a0\u00bbcenter\u00a0\u00bb overflow-x=\u00a0\u00bbvisible\u00a0\u00bb overflow-y=\u00a0\u00bbvisible\u00a0\u00bb custom_margin=\u00a0\u00bb||||false|false\u00a0\u00bb custom_padding=\u00a0\u00bb||||true|true\u00a0\u00bb global_colors_info=\u00a0\u00bb{}\u00a0\u00bb]<\/p>\n<p><em><\/em><\/p>\n<p>\u00ab\u00a0Hier, le rev\u00eatement a \u00e9t\u00e9 install\u00e9.<br \/>Tout s&rsquo;ajuste parfaitement !!! Un grand merci \u00e0 toute l&rsquo;\u00e9quipe de Terrasdecor !!!\u00a0\u00bb<\/p>\n<p>&nbsp;<\/p>\n<p><em><\/em><\/p>\n<p><strong>Dieter M.<\/strong><\/p>\n<p>[\/dipl_image_card_carousel_item][\/dipl_image_card_carousel][\/et_pb_column][\/et_pb_row][\/et_pb_section][et_pb_section fb_built=\u00a0\u00bb1&Prime; custom_padding_last_edited=\u00a0\u00bbon|phone\u00a0\u00bb _builder_version=\u00a0\u00bb4.17.4&Prime; custom_padding=\u00a0\u00bb100px||100px||true|false\u00a0\u00bb custom_padding_tablet=\u00a0\u00bb100px||100px||true|false\u00a0\u00bb custom_padding_phone=\u00a0\u00bb40px||40px||false|false\u00a0\u00bb global_colors_info=\u00a0\u00bb{}\u00a0\u00bb][et_pb_row column_structure=\u00a0\u00bb1_2,1_2&Prime; make_equal=\u00a0\u00bbon\u00a0\u00bb _builder_version=\u00a0\u00bb4.17.4&Prime; _module_preset=\u00a0\u00bbdefault\u00a0\u00bb width=\u00a0\u00bb70%\u00a0\u00bb width_tablet=\u00a0\u00bb70%\u00a0\u00bb width_phone=\u00a0\u00bb80%\u00a0\u00bb width_last_edited=\u00a0\u00bbon|phone\u00a0\u00bb max_width=\u00a0\u00bb2560px\u00a0\u00bb custom_padding=\u00a0\u00bb0px||0px||true|false\u00a0\u00bb global_colors_info=\u00a0\u00bb{}\u00a0\u00bb][et_pb_column type=\u00a0\u00bb1_2&Prime; _builder_version=\u00a0\u00bb4.17.4&Prime; _module_preset=\u00a0\u00bbdefault\u00a0\u00bb use_background_color_gradient=\u00a0\u00bbon\u00a0\u00bb background_color_gradient_stops=\u00a0\u00bbrgba(98,98,98,0.2) 0%|rgba(98,98,98,0.21) 100%\u00a0\u00bb background_color_gradient_overlays_image=\u00a0\u00bbon\u00a0\u00bb background_image=\u00a0\u00bbhttps:\/\/www.terrasdecor.be\/wp-content\/uploads\/2022\/07\/Terras-Decor-Showroom-Zulte.jpg\u00a0\u00bb global_colors_info=\u00a0\u00bb{}\u00a0\u00bb][et_pb_cta title=\u00a0\u00bbVISITEZ NOTRE SALLE D&rsquo;EXPOSITION\u00a0\u00bb button_url=\u00a0\u00bbhttps:\/\/www.terrasdecor.be\/fr\/salle-dexposition\/\u00a0\u00bb button_text=\u00a0\u00bbSALLE D&rsquo;EXPOSITION\u00a0\u00bb _builder_version=\u00a0\u00bb4.17.4&Prime; _module_preset=\u00a0\u00bbdefault\u00a0\u00bb header_font=\u00a0\u00bb|700|||||||\u00a0\u00bb header_font_size=\u00a0\u00bb35px\u00a0\u00bb header_letter_spacing=\u00a0\u00bb1.75px\u00a0\u00bb header_line_height=\u00a0\u00bb1.3em\u00a0\u00bb background_enable_color=\u00a0\u00bboff\u00a0\u00bb background_enable_image=\u00a0\u00bboff\u00a0\u00bb custom_button=\u00a0\u00bbon\u00a0\u00bb button_bg_color=\u00a0\u00bb#bec200&Prime; button_letter_spacing=\u00a0\u00bb0.4px\u00a0\u00bb custom_padding=\u00a0\u00bb137px||96px||false|false\u00a0\u00bb custom_padding_tablet=\u00a0\u00bb137px||96px||false|false\u00a0\u00bb custom_padding_phone=\u00a0\u00bb80px||80px||false|false\u00a0\u00bb custom_padding_last_edited=\u00a0\u00bbon|phone\u00a0\u00bb header_font_size_tablet=\u00a0\u00bb35px\u00a0\u00bb header_font_size_phone=\u00a0\u00bb25px\u00a0\u00bb header_font_size_last_edited=\u00a0\u00bbon|phone\u00a0\u00bb header_line_height_tablet=\u00a0\u00bb\u00a0\u00bb header_line_height_phone=\u00a0\u00bb1.3em\u00a0\u00bb header_line_height_last_edited=\u00a0\u00bbon|phone\u00a0\u00bb global_colors_info=\u00a0\u00bb{}\u00a0\u00bb button_letter_spacing__hover_enabled=\u00a0\u00bboff|hover\u00a0\u00bb button_letter_spacing__hover=\u00a0\u00bb1.4px\u00a0\u00bb button_bg_color__hover_enabled=\u00a0\u00bbon|hover\u00a0\u00bb button_bg_color__hover=\u00a0\u00bb#276958&Prime; button_bg_enable_color__hover=\u00a0\u00bbon\u00a0\u00bb][\/et_pb_cta][\/et_pb_column][et_pb_column type=\u00a0\u00bb1_2&Prime; _builder_version=\u00a0\u00bb4.17.4&Prime; _module_preset=\u00a0\u00bbdefault\u00a0\u00bb global_colors_info=\u00a0\u00bb{}\u00a0\u00bb][et_pb_cta title=\u00a0\u00bbVOUS VOULEZ UN HABITAT CONTEMPORAIN ?\u00a0\u00bb button_url=\u00a0\u00bbhttps:\/\/www.terrasdecor.be\/fr\/citation\/\u00a0\u00bb button_text=\u00a0\u00bbDEMANDER UN DEVIS\u00a0\u00bb _builder_version=\u00a0\u00bb4.17.4&Prime; _module_preset=\u00a0\u00bbdefault\u00a0\u00bb header_font=\u00a0\u00bb|700|||||||\u00a0\u00bb header_font_size=\u00a0\u00bb35px\u00a0\u00bb header_letter_spacing=\u00a0\u00bb1.75px\u00a0\u00bb header_line_height=\u00a0\u00bb1.2em\u00a0\u00bb background_enable_color=\u00a0\u00bboff\u00a0\u00bb use_background_color_gradient=\u00a0\u00bbon\u00a0\u00bb background_color_gradient_stops=\u00a0\u00bbrgba(98,98,98,0.5) 0%|rgba(98,98,98,0.2) 100%\u00a0\u00bb background_color_gradient_overlays_image=\u00a0\u00bbon\u00a0\u00bb background_image=\u00a0\u00bbhttps:\/\/www.terrasdecor.be\/wp-content\/uploads\/2022\/07\/dsc_2456jpg.jpeg\u00a0\u00bb custom_button=\u00a0\u00bbon\u00a0\u00bb button_bg_color=\u00a0\u00bb#bec200&Prime; button_letter_spacing=\u00a0\u00bb0.4px\u00a0\u00bb custom_padding=\u00a0\u00bb137px||96px||false|false\u00a0\u00bb custom_padding_tablet=\u00a0\u00bb137px||96px||false|false\u00a0\u00bb custom_padding_phone=\u00a0\u00bb80px||80px||false|false\u00a0\u00bb custom_padding_last_edited=\u00a0\u00bbon|phone\u00a0\u00bb header_font_size_tablet=\u00a0\u00bb35px\u00a0\u00bb header_font_size_phone=\u00a0\u00bb25px\u00a0\u00bb header_font_size_last_edited=\u00a0\u00bbon|phone\u00a0\u00bb header_line_height_tablet=\u00a0\u00bb\u00a0\u00bb header_line_height_phone=\u00a0\u00bb1.3em\u00a0\u00bb header_line_height_last_edited=\u00a0\u00bbon|phone\u00a0\u00bb global_colors_info=\u00a0\u00bb{}\u00a0\u00bb button_letter_spacing__hover_enabled=\u00a0\u00bboff|hover\u00a0\u00bb button_letter_spacing__hover=\u00a0\u00bb1.4px\u00a0\u00bb button_bg_color__hover_enabled=\u00a0\u00bbon|hover\u00a0\u00bb button_bg_color__hover=\u00a0\u00bb#276958&Prime; button_bg_enable_color__hover=\u00a0\u00bbon\u00a0\u00bb][\/et_pb_cta][\/et_pb_column][\/et_pb_row][\/et_pb_section]<\/p>\n","protected":false},"excerpt":{"rendered":"<p>TEMOIGNAGESLes clients satisfaits ont leur mot \u00e0 dire !<div class=\"et_pb_module dipl_image_card_carousel dipl_image_card_carousel_0  et_pb_text_align_left\">\n\t\t\t\t\n\t\t\t\t\n\t\t\t\t\n\t\t\t\t\n\t\t\t\t\n\t\t\t\t\n\t\t\t\t<div class=\"et_pb_module_inner\">\n\t\t\t\t\t<h1>No Result Found!<\/h1><p>The carousel you requested could not be found. Try changing your module settings or add some new cards.<\/p><\/div>\n\t\t\t\t<\/div>\n\t\t\t<\/div><div class=\"et_pb_module dipl_image_card_carousel_item dipl_image_card_carousel_item_0  et_pb_text_align_center et_pb_bg_layout_light dipl_image_card_carousel_slide swiper-slide\">\n\t\t\t\t\n\t\t\t\t\n\t\t\t\t\n\t\t\t\t\n\t\t\t\t\n\t\t\t\t\n\t\t\t\t<div class=\"et_pb_module_inner\">\n\t\t\t\t\t<div class=\"dipl_image_card_wrapper\"><div class=\"dipl_image_card_content_wrapper\">\n\t\t\t\t\t\n\t\t\t\t\t<div class=\"dipl_image_card_inner_content_wrapper\"><h4 class=\"dipl_image_card_title\">Un service irr\u00e9prochable !<\/h4><\/div>\n\t\t\t\t<\/div><\/div>\n\t\t\t\t<\/div>\n\t\t\t<\/div> \u00ab\u00a0Je viens de r\u00e9aliser un projet avec Terrasdecor et j&rsquo;en suis tr\u00e8s satisfait. Probl\u00e8me avec le verre du fabricant, [&hellip;]<\/p>\n","protected":false},"author":1,"featured_media":0,"parent":0,"menu_order":0,"comment_status":"closed","ping_status":"closed","template":"","meta":{"_seopress_robots_primary_cat":"","_seopress_titles_title":"","_seopress_titles_desc":"","_seopress_robots_index":"","_et_pb_use_builder":"on","_et_pb_old_content":"","_et_gb_content_width":"","footnotes":""},"dipi_cpt_category":[],"class_list":["post-25544814","page","type-page","status-publish","hentry"],"_links":{"self":[{"href":"https:\/\/www.terrasdecor.be\/fr\/wp-json\/wp\/v2\/pages\/25544814","targetHints":{"allow":["GET"]}}],"collection":[{"href":"https:\/\/www.terrasdecor.be\/fr\/wp-json\/wp\/v2\/pages"}],"about":[{"href":"https:\/\/www.terrasdecor.be\/fr\/wp-json\/wp\/v2\/types\/page"}],"author":[{"embeddable":true,"href":"https:\/\/www.terrasdecor.be\/fr\/wp-json\/wp\/v2\/users\/1"}],"replies":[{"embeddable":true,"href":"https:\/\/www.terrasdecor.be\/fr\/wp-json\/wp\/v2\/comments?post=25544814"}],"version-history":[{"count":11,"href":"https:\/\/www.terrasdecor.be\/fr\/wp-json\/wp\/v2\/pages\/25544814\/revisions"}],"predecessor-version":[{"id":25544937,"href":"https:\/\/www.terrasdecor.be\/fr\/wp-json\/wp\/v2\/pages\/25544814\/revisions\/25544937"}],"wp:attachment":[{"href":"https:\/\/www.terrasdecor.be\/fr\/wp-json\/wp\/v2\/media?parent=25544814"}],"wp:term":[{"taxonomy":"dipi_cpt_category","embeddable":true,"href":"https:\/\/www.terrasdecor.be\/fr\/wp-json\/wp\/v2\/dipi_cpt_category?post=25544814"}],"curies":[{"name":"wp","href":"https:\/\/api.w.org\/{rel}","templated":true}]}}